{"id":8,"date":"2019-09-06T08:12:42","date_gmt":"2019-09-06T08:12:42","guid":{"rendered":"https:\/\/zujmw.ch\/?page_id=8"},"modified":"2026-06-12T08:59:24","modified_gmt":"2026-06-12T06:59:24","slug":"startseite","status":"publish","type":"page","link":"https:\/\/www.zujmw.ch\/","title":{"rendered":"Der Wettbewerb"},"content":{"rendered":"\t\t<div data-elementor-type=\"wp-page\" data-elementor-id=\"8\" class=\"elementor elementor-8\">\n\t\t\t\t\t\t<section class=\"elementor-section elementor-top-section elementor-element elementor-element-41eb7538 elementor-section-boxed elementor-section-height-default elementor-section-height-default\" data-id=\"41eb7538\" data-element_type=\"section\" data-e-type=\"section\">\n\t\t\t\t\t\t<div class=\"elementor-container elementor-column-gap-default\">\n\t\t\t\t\t<div class=\"aux-parallax-section elementor-column elementor-col-100 elementor-top-column elementor-element elementor-element-417e017\" data-id=\"417e017\" data-element_type=\"column\" data-e-type=\"column\">\n\t\t\t<div class=\"elementor-widget-wrap elementor-element-populated\">\n\t\t\t\t\t\t<div class=\"elementor-element elementor-element-82d02d0 elementor-widget elementor-widget-heading\" data-id=\"82d02d0\" data-element_type=\"widget\" data-e-type=\"widget\" data-widget_type=\"heading.default\">\n\t\t\t\t<div class=\"elementor-widget-container\">\n\t\t\t\t\t<h2 class=\"elementor-heading-title elementor-size-default\">Der Z\u00fcrcher Unterl\u00e4nder Jugend-Musikwettbewerb<\/h2>\t\t\t\t<\/div>\n\t\t\t\t<\/div>\n\t\t\t\t<div class=\"elementor-element elementor-element-0ee54c4 elementor-widget elementor-widget-heading\" data-id=\"0ee54c4\" data-element_type=\"widget\" data-e-type=\"widget\" data-widget_type=\"heading.default\">\n\t\t\t\t<div class=\"elementor-widget-container\">\n\t\t\t\t\t<h3 class=\"elementor-heading-title elementor-size-default\">Entstehung und Tr\u00e4gerschaft<\/h3>\t\t\t\t<\/div>\n\t\t\t\t<\/div>\n\t\t\t\t<div class=\"elementor-element elementor-element-bb5c711 elementor-widget elementor-widget-text-editor\" data-id=\"bb5c711\" data-element_type=\"widget\" data-e-type=\"widget\" data-widget_type=\"text-editor.default\">\n\t\t\t\t<div class=\"elementor-widget-container\">\n\t\t\t\t\t\t\t\t\t<p>Seit mehr als zehn Jahren unterst\u00fctzt die Fleischli-Stiftung kulturelle und sportliche Aktivit\u00e4ten von Kindern und Jugendlichen aus dem Z\u00fcrcher Unterland. Ihrem Zweck entsprechend hat die Stiftung 2010 den Z\u00fcrcher Unterl\u00e4nder Jugend-Musikwettbewerb ins Leben gerufen. Er wird mit einem Gesamtbetrag von CHF 5000.- unterst\u00fctzt und j\u00e4hrlich gemeinsam von den <b>Musikschulen Z\u00fcrcher Unterland<\/b>, <b>Region Flughafen<\/b> und der <b>Regionalen Musikschule Regensdorf <\/b>ausgeschrieben und organisiert.<\/p>\t\t\t\t\t\t\t\t<\/div>\n\t\t\t\t<\/div>\n\t\t\t\t<div class=\"elementor-element elementor-element-d77682a elementor-widget elementor-widget-heading\" data-id=\"d77682a\" data-element_type=\"widget\" data-e-type=\"widget\" data-widget_type=\"heading.default\">\n\t\t\t\t<div class=\"elementor-widget-container\">\n\t\t\t\t\t<h3 class=\"elementor-heading-title elementor-size-default\">Zulassung, Kategorie und Spielzeiten<\/h3>\t\t\t\t<\/div>\n\t\t\t\t<\/div>\n\t\t\t\t<div class=\"elementor-element elementor-element-24bf99c elementor-widget elementor-widget-text-editor\" data-id=\"24bf99c\" data-element_type=\"widget\" data-e-type=\"widget\" data-widget_type=\"text-editor.default\">\n\t\t\t\t<div class=\"elementor-widget-container\">\n\t\t\t\t\t\t\t\t\t<p>Zugelassen sind Kinder und Jugendliche, die an den oben erw\u00e4hnten Musikschulen Gesangs- oder Instrumentalunterricht besuchen, sowie Ensembles, von denen mindestens die H\u00e4lfte der Mitglieder in einer der genannten Musikschulen den Unterricht besuchen.<\/p>\t\t\t\t\t\t\t\t<\/div>\n\t\t\t\t<\/div>\n\t\t\t\t<div class=\"elementor-element elementor-element-7c60fed elementor-widget elementor-widget-heading\" data-id=\"7c60fed\" data-element_type=\"widget\" data-e-type=\"widget\" data-widget_type=\"heading.default\">\n\t\t\t\t<div class=\"elementor-widget-container\">\n\t\t\t\t\t<h3 class=\"elementor-heading-title elementor-size-default\">Die Vortr\u00e4ge werden in folgenden Kategorien bewertet<\/h3>\t\t\t\t<\/div>\n\t\t\t\t<\/div>\n\t\t\t\t<div class=\"elementor-element elementor-element-db991bb elementor-widget elementor-widget-toggle\" data-id=\"db991bb\" data-element_type=\"widget\" data-e-type=\"widget\" data-widget_type=\"toggle.default\">\n\t\t\t\t<div class=\"elementor-widget-container\">\n\t\t\t\t\t\t\t<div class=\"elementor-toggle\">\n\t\t\t\t\t\t\t<div class=\"elementor-toggle-item\">\n\t\t\t\t\t<div id=\"elementor-tab-title-2301\" class=\"elementor-tab-title\" data-tab=\"1\" role=\"button\" aria-controls=\"elementor-tab-content-2301\" aria-expanded=\"false\">\n\t\t\t\t\t\t\t\t\t\t\t\t<span class=\"elementor-toggle-icon elementor-toggle-icon-left\" aria-hidden=\"true\">\n\t\t\t\t\t\t\t\t\t\t\t\t\t\t\t<span class=\"elementor-toggle-icon-closed\"><i class=\"fas fa-caret-right\"><\/i><\/span>\n\t\t\t\t\t\t\t\t<span class=\"elementor-toggle-icon-opened\"><i class=\"elementor-toggle-icon-opened fas fa-caret-up\"><\/i><\/span>\n\t\t\t\t\t\t\t\t\t\t\t\t\t<\/span>\n\t\t\t\t\t\t\t\t\t\t\t\t<a class=\"elementor-toggle-title\" tabindex=\"0\">Kategorie Solo I Jahrg\u00e4nge 2017 bis 2021<\/a>\n\t\t\t\t\t<\/div>\n\n\t\t\t\t\t<div id=\"elementor-tab-content-2301\" class=\"elementor-tab-content elementor-clearfix\" data-tab=\"1\" role=\"region\" aria-labelledby=\"elementor-tab-title-2301\"><p>Spieldauer 3 bis 4 Minuten<\/p><\/div>\n\t\t\t\t<\/div>\n\t\t\t\t\t\t\t<div class=\"elementor-toggle-item\">\n\t\t\t\t\t<div id=\"elementor-tab-title-2302\" class=\"elementor-tab-title\" data-tab=\"2\" role=\"button\" aria-controls=\"elementor-tab-content-2302\" aria-expanded=\"false\">\n\t\t\t\t\t\t\t\t\t\t\t\t<span class=\"elementor-toggle-icon elementor-toggle-icon-left\" aria-hidden=\"true\">\n\t\t\t\t\t\t\t\t\t\t\t\t\t\t\t<span class=\"elementor-toggle-icon-closed\"><i class=\"fas fa-caret-right\"><\/i><\/span>\n\t\t\t\t\t\t\t\t<span class=\"elementor-toggle-icon-opened\"><i class=\"elementor-toggle-icon-opened fas fa-caret-up\"><\/i><\/span>\n\t\t\t\t\t\t\t\t\t\t\t\t\t<\/span>\n\t\t\t\t\t\t\t\t\t\t\t\t<a class=\"elementor-toggle-title\" tabindex=\"0\">Kategorie Solo II Jahrg\u00e4nge 2013 bis 2016<\/a>\n\t\t\t\t\t<\/div>\n\n\t\t\t\t\t<div id=\"elementor-tab-content-2302\" class=\"elementor-tab-content elementor-clearfix\" data-tab=\"2\" role=\"region\" aria-labelledby=\"elementor-tab-title-2302\"><p>Spieldauer 5 bis 6 Minuten<\/p><\/div>\n\t\t\t\t<\/div>\n\t\t\t\t\t\t\t<div class=\"elementor-toggle-item\">\n\t\t\t\t\t<div id=\"elementor-tab-title-2303\" class=\"elementor-tab-title\" data-tab=\"3\" role=\"button\" aria-controls=\"elementor-tab-content-2303\" aria-expanded=\"false\">\n\t\t\t\t\t\t\t\t\t\t\t\t<span class=\"elementor-toggle-icon elementor-toggle-icon-left\" aria-hidden=\"true\">\n\t\t\t\t\t\t\t\t\t\t\t\t\t\t\t<span class=\"elementor-toggle-icon-closed\"><i class=\"fas fa-caret-right\"><\/i><\/span>\n\t\t\t\t\t\t\t\t<span class=\"elementor-toggle-icon-opened\"><i class=\"elementor-toggle-icon-opened fas fa-caret-up\"><\/i><\/span>\n\t\t\t\t\t\t\t\t\t\t\t\t\t<\/span>\n\t\t\t\t\t\t\t\t\t\t\t\t<a class=\"elementor-toggle-title\" tabindex=\"0\">Kategorie Solo III Jahrg\u00e4nge 2007 bis 2012<\/a>\n\t\t\t\t\t<\/div>\n\n\t\t\t\t\t<div id=\"elementor-tab-content-2303\" class=\"elementor-tab-content elementor-clearfix\" data-tab=\"3\" role=\"region\" aria-labelledby=\"elementor-tab-title-2303\"><p>Spieldauer 9 bis 10 Minuten<\/p><\/div>\n\t\t\t\t<\/div>\n\t\t\t\t\t\t\t<div class=\"elementor-toggle-item\">\n\t\t\t\t\t<div id=\"elementor-tab-title-2304\" class=\"elementor-tab-title\" data-tab=\"4\" role=\"button\" aria-controls=\"elementor-tab-content-2304\" aria-expanded=\"false\">\n\t\t\t\t\t\t\t\t\t\t\t\t<span class=\"elementor-toggle-icon elementor-toggle-icon-left\" aria-hidden=\"true\">\n\t\t\t\t\t\t\t\t\t\t\t\t\t\t\t<span class=\"elementor-toggle-icon-closed\"><i class=\"fas fa-caret-right\"><\/i><\/span>\n\t\t\t\t\t\t\t\t<span class=\"elementor-toggle-icon-opened\"><i class=\"elementor-toggle-icon-opened fas fa-caret-up\"><\/i><\/span>\n\t\t\t\t\t\t\t\t\t\t\t\t\t<\/span>\n\t\t\t\t\t\t\t\t\t\t\t\t<a class=\"elementor-toggle-title\" tabindex=\"0\">Kategorie IV Duo, Trio, Kammermusik und Band<\/a>\n\t\t\t\t\t<\/div>\n\n\t\t\t\t\t<div id=\"elementor-tab-content-2304\" class=\"elementor-tab-content elementor-clearfix\" data-tab=\"4\" role=\"region\" aria-labelledby=\"elementor-tab-title-2304\"><p>Spieldauer 8 bis 10 Minuten<\/p><\/div>\n\t\t\t\t<\/div>\n\t\t\t\t\t\t\t\t<\/div>\n\t\t\t\t\t\t<\/div>\n\t\t\t\t<\/div>\n\t\t\t\t<div class=\"elementor-element elementor-element-9e117e9 elementor-widget elementor-widget-text-editor\" data-id=\"9e117e9\" data-element_type=\"widget\" data-e-type=\"widget\" data-widget_type=\"text-editor.default\">\n\t\t\t\t<div class=\"elementor-widget-container\">\n\t\t\t\t\t\t\t\t\t<p>Der Vortrag soll der angegebenen Spieldauer entsprechen, diese aber nicht \u00fcberschreiten. Duos und Trios setzen sich ausschliesslich aus Sch\u00fcler\/innen zusammen, gr\u00f6ssere Ensembles mindestens zur H\u00e4lfte.<\/p>\t\t\t\t\t\t\t\t<\/div>\n\t\t\t\t<\/div>\n\t\t\t\t<div class=\"elementor-element elementor-element-d30e8c6 elementor-widget elementor-widget-heading\" data-id=\"d30e8c6\" data-element_type=\"widget\" data-e-type=\"widget\" data-widget_type=\"heading.default\">\n\t\t\t\t<div class=\"elementor-widget-container\">\n\t\t\t\t\t<h3 class=\"elementor-heading-title elementor-size-default\">Vortragsst\u00fccke, Notenmaterial<\/h3>\t\t\t\t<\/div>\n\t\t\t\t<\/div>\n\t\t\t\t<div class=\"elementor-element elementor-element-241e483 elementor-widget elementor-widget-text-editor\" data-id=\"241e483\" data-element_type=\"widget\" data-e-type=\"widget\" data-widget_type=\"text-editor.default\">\n\t\t\t\t<div class=\"elementor-widget-container\">\n\t\t\t\t\t\t\t\t\t<p>Die Teilnehmenden tragen ein oder mehrere St\u00fccke ihrer Wahl vor. Gelungene Eigenkompositionen werden positiv in die Bewertung einbezogen. Das Programm ist mit der Anmeldung bekannt zu geben. Zum Vortrag bringen die Teilnehmenden die Noten der vorzutragenden St\u00fccke in zweifacher Ausf\u00fchrung f\u00fcr die Jury mit.<\/p>\t\t\t\t\t\t\t\t<\/div>\n\t\t\t\t<\/div>\n\t\t\t\t<div class=\"elementor-element elementor-element-91479d9 elementor-widget elementor-widget-heading\" data-id=\"91479d9\" data-element_type=\"widget\" data-e-type=\"widget\" data-widget_type=\"heading.default\">\n\t\t\t\t<div class=\"elementor-widget-container\">\n\t\t\t\t\t<h3 class=\"elementor-heading-title elementor-size-default\">Korrepetition und Begleitung<\/h3>\t\t\t\t<\/div>\n\t\t\t\t<\/div>\n\t\t\t\t<div class=\"elementor-element elementor-element-8823b04 elementor-widget elementor-widget-text-editor\" data-id=\"8823b04\" data-element_type=\"widget\" data-e-type=\"widget\" data-widget_type=\"text-editor.default\">\n\t\t\t\t<div class=\"elementor-widget-container\">\n\t\t\t\t\t\t\t\t\t<p>Auf Wunsch wird eine Korrepetition (Klavierbegleitung) durch die Veranstalter organisiert. Allerdings ist in diesem Fall nur eine einzige Vorprobe unmittelbar vor dem Wettbewerb m\u00f6glich. Begleitungen ab Tontr\u00e4ger sind zugelassen.<\/p>\t\t\t\t\t\t\t\t<\/div>\n\t\t\t\t<\/div>\n\t\t\t\t<div class=\"elementor-element elementor-element-e99b098 elementor-widget elementor-widget-heading\" data-id=\"e99b098\" data-element_type=\"widget\" data-e-type=\"widget\" data-widget_type=\"heading.default\">\n\t\t\t\t<div class=\"elementor-widget-container\">\n\t\t\t\t\t<h3 class=\"elementor-heading-title elementor-size-default\">Bewertungskriterien<\/h3>\t\t\t\t<\/div>\n\t\t\t\t<\/div>\n\t\t\t\t<div class=\"elementor-element elementor-element-e024e4a elementor-widget elementor-widget-text-editor\" data-id=\"e024e4a\" data-element_type=\"widget\" data-e-type=\"widget\" data-widget_type=\"text-editor.default\">\n\t\t\t\t<div class=\"elementor-widget-container\">\n\t\t\t\t\t\t\t\t\t<p>Bewertet wird die Gesamtleistung: musikalischer Gestaltung, Instrumental- oder Gesangstechnik und Pr\u00e4senz auf der B\u00fchne.<\/p>\t\t\t\t\t\t\t\t<\/div>\n\t\t\t\t<\/div>\n\t\t\t\t<div class=\"elementor-element elementor-element-b115b59 elementor-widget elementor-widget-heading\" data-id=\"b115b59\" data-element_type=\"widget\" data-e-type=\"widget\" data-widget_type=\"heading.default\">\n\t\t\t\t<div class=\"elementor-widget-container\">\n\t\t\t\t\t<h3 class=\"elementor-heading-title elementor-size-default\">Jury, Feedback und Rangierung<\/h3>\t\t\t\t<\/div>\n\t\t\t\t<\/div>\n\t\t\t\t<div class=\"elementor-element elementor-element-05af4f2 elementor-widget elementor-widget-text-editor\" data-id=\"05af4f2\" data-element_type=\"widget\" data-e-type=\"widget\" data-widget_type=\"text-editor.default\">\n\t\t\t\t<div class=\"elementor-widget-container\">\n\t\t\t\t\t\t\t\t\t<p>Die Vortr\u00e4ge werden von zwei Fachpersonen beurteilt. Bei ihren eigenen Sch\u00fclerinnen und Sch\u00fclern treten die Jurymitglieder in den Ausstand. Die Teilnehmenden erhalten anschliessend an ihren Vortrag oder an einen Vortragsblock ein Feedback. Die Bewertung der Jury erfolgt nach Beendigung aller Vortr\u00e4ge. Dabei werden die Pr\u00e4dikate &#8222;gen\u00fcgend&#8220; bis &#8222;sehr gut&#8220; vergeben. Herausragende Vortr\u00e4ge werden mit einem 1., 2. oder 3. Preis honoriert. Alle Teilnehmenden erhalten eine Urkunde Teilnahmebest\u00e4tigung und werden innerhalb von 14 Tagen \u00fcber den Juryentscheid informiert. Die Entscheide k\u00f6nnen nicht angefochten werden.<\/p>\t\t\t\t\t\t\t\t<\/div>\n\t\t\t\t<\/div>\n\t\t\t\t<div class=\"elementor-element elementor-element-73cf58a elementor-widget elementor-widget-heading\" data-id=\"73cf58a\" data-element_type=\"widget\" data-e-type=\"widget\" data-widget_type=\"heading.default\">\n\t\t\t\t<div class=\"elementor-widget-container\">\n\t\t\t\t\t<h3 class=\"elementor-heading-title elementor-size-default\">Termine und Durchf\u00fchrungsort<\/h3>\t\t\t\t<\/div>\n\t\t\t\t<\/div>\n\t\t\t\t<div class=\"elementor-element elementor-element-46c138d elementor-widget elementor-widget-text-editor\" data-id=\"46c138d\" data-element_type=\"widget\" data-e-type=\"widget\" data-widget_type=\"text-editor.default\">\n\t\t\t\t<div class=\"elementor-widget-container\">\n\t\t\t\t\t\t\t\t\t<p>Das Wettbewerbs-Vorspiel findet am Samstag, 19. Juni 2027 in der Musikschule Z\u00fcrcher Unterland in B\u00fclach statt. Die genaue Zeit wird den Teilnehmenden mit der Anmeldebest\u00e4tigung mitgeteilt. Eine Verschiebung der angegebenen Zeiten ist nicht m\u00f6glich. Ausgew\u00e4hlte Preistr\u00e4ger\/innen treten am Donnerstag, 8. Juli 2027 um 19:00 Uhr im Rahmen eines Preistr\u00e4ger\/innen-Konzertes in der Vetropack Hall der Musikschule Z\u00fcrcher Unterland auf.<\/p>\t\t\t\t\t\t\t\t<\/div>\n\t\t\t\t<\/div>\n\t\t\t\t<div class=\"elementor-element elementor-element-a07cd6f elementor-widget elementor-widget-heading\" data-id=\"a07cd6f\" data-element_type=\"widget\" data-e-type=\"widget\" data-widget_type=\"heading.default\">\n\t\t\t\t<div class=\"elementor-widget-container\">\n\t\t\t\t\t<h3 class=\"elementor-heading-title elementor-size-default\">Organisation und Anmeldung<\/h3>\t\t\t\t<\/div>\n\t\t\t\t<\/div>\n\t\t\t\t<div class=\"elementor-element elementor-element-d330de1 elementor-widget elementor-widget-text-editor\" data-id=\"d330de1\" data-element_type=\"widget\" data-e-type=\"widget\" data-widget_type=\"text-editor.default\">\n\t\t\t\t<div class=\"elementor-widget-container\">\n\t\t\t\t\t\t\t\t\t<p>Der Wettbewerb wird organisiert durch die Musikschulen Z\u00fcrcher Unterland, Region Flughafen und der Regionalen Musikschule Regensdorf. Die Anmeldung muss bis sp\u00e4testens 14. M\u00e4rz 2027 erfolgen.<\/p>\t\t\t\t\t\t\t\t<\/div>\n\t\t\t\t<\/div>\n\t\t\t\t<div class=\"elementor-element elementor-element-6b8269d elementor-widget elementor-widget-heading\" data-id=\"6b8269d\" data-element_type=\"widget\" data-e-type=\"widget\" data-widget_type=\"heading.default\">\n\t\t\t\t<div class=\"elementor-widget-container\">\n\t\t\t\t\t<h3 class=\"elementor-heading-title elementor-size-default\">Anmeldegeb\u00fchr<\/h3>\t\t\t\t<\/div>\n\t\t\t\t<\/div>\n\t\t\t\t<div class=\"elementor-element elementor-element-47bc9d9 elementor-widget elementor-widget-text-editor\" data-id=\"47bc9d9\" data-element_type=\"widget\" data-e-type=\"widget\" data-widget_type=\"text-editor.default\">\n\t\t\t\t<div class=\"elementor-widget-container\">\n\t\t\t\t\t\t\t\t\t<p>Die Anmeldegeb\u00fchr wird mit der Anmeldung erhoben, betr\u00e4gt Fr. 10.- und ist zahlbar am Wettbewerb. Bei Duos, Trios und Ensemble Fr. 10.- pro Person. Im Falle einer Klavierbegleitung (Korrepetition) werden zus\u00e4tzlich Fr. 10.- erhoben.<\/p>\t\t\t\t\t\t\t\t<\/div>\n\t\t\t\t<\/div>\n\t\t\t\t<div class=\"elementor-element elementor-element-58c805f elementor-widget elementor-widget-heading\" data-id=\"58c805f\" data-element_type=\"widget\" data-e-type=\"widget\" data-widget_type=\"heading.default\">\n\t\t\t\t<div class=\"elementor-widget-container\">\n\t\t\t\t\t<h3 class=\"elementor-heading-title elementor-size-default\">Die austragenden Musikschulen<\/h3>\t\t\t\t<\/div>\n\t\t\t\t<\/div>\n\t\t\t\t<div class=\"elementor-element elementor-element-cf53903 elementor-widget elementor-widget-text-editor\" data-id=\"cf53903\" data-element_type=\"widget\" data-e-type=\"widget\" data-widget_type=\"text-editor.default\">\n\t\t\t\t<div class=\"elementor-widget-container\">\n\t\t\t\t\t\t\t\t\t<p><a href=\"http:\/\/www.mszu.ch\" target=\"_blank\" rel=\"noopener noreferrer\">Musikschule Z\u00fcrcher Unterland<\/a><br \/><a href=\"https:\/\/musikschule-region-flughafen.ch\/\" target=\"_blank\" rel=\"noopener noreferrer\">Musikschule Region Flughafen<\/a><br \/><a href=\"http:\/\/www.remure.ch\" target=\"_blank\" rel=\"noopener noreferrer\">Regionale Musikschule Regensdorf<\/a><\/p>\t\t\t\t\t\t\t\t<\/div>\n\t\t\t\t<\/div>\n\t\t\t\t\t<\/div>\n\t\t<\/div>\n\t\t\t\t\t<\/div>\n\t\t<\/section>\n\t\t\t\t<\/div>\n\t\t","protected":false},"excerpt":{"rendered":"<p>Der Z\u00fcrcher Unterl\u00e4nder Jugend-Musikwettbewerb Entstehung und Tr\u00e4gerschaft Seit mehr als zehn Jahren unterst\u00fctzt die Fleischli-Stiftung kulturelle und sportliche Aktivit\u00e4ten von Kindern und Jugendlichen aus dem Z\u00fcrcher Unterland. Ihrem Zweck entsprechend hat die Stiftung 2010 den Z\u00fcrcher Unterl\u00e4nder Jugend-Musikwettbewerb ins Leben gerufen. Er wird mit einem Gesamtbetrag von CHF 5000.- unterst\u00fctzt und j\u00e4hrlich gemeinsam von den [&hellip;]<\/p>\n","protected":false},"author":1,"featured_media":0,"parent":0,"menu_order":0,"comment_status":"closed","ping_status":"closed","template":"","meta":{"footnotes":""},"class_list":["post-8","page","type-page","status-publish","hentry"],"_links":{"self":[{"href":"https:\/\/www.zujmw.ch\/index.php\/wp-json\/wp\/v2\/pages\/8","targetHints":{"allow":["GET"]}}],"collection":[{"href":"https:\/\/www.zujmw.ch\/index.php\/wp-json\/wp\/v2\/pages"}],"about":[{"href":"https:\/\/www.zujmw.ch\/index.php\/wp-json\/wp\/v2\/types\/page"}],"author":[{"embeddable":true,"href":"https:\/\/www.zujmw.ch\/index.php\/wp-json\/wp\/v2\/users\/1"}],"replies":[{"embeddable":true,"href":"https:\/\/www.zujmw.ch\/index.php\/wp-json\/wp\/v2\/comments?post=8"}],"version-history":[{"count":40,"href":"https:\/\/www.zujmw.ch\/index.php\/wp-json\/wp\/v2\/pages\/8\/revisions"}],"predecessor-version":[{"id":1363,"href":"https:\/\/www.zujmw.ch\/index.php\/wp-json\/wp\/v2\/pages\/8\/revisions\/1363"}],"wp:attachment":[{"href":"https:\/\/www.zujmw.ch\/index.php\/wp-json\/wp\/v2\/media?parent=8"}],"curies":[{"name":"wp","href":"https:\/\/api.w.org\/{rel}","templated":true}]}}